{"id":1886,"date":"2022-11-03T14:19:37","date_gmt":"2022-11-03T14:19:37","guid":{"rendered":"https:\/\/martisalomo.com\/un-regal-de-por\/"},"modified":"2023-04-15T20:05:54","modified_gmt":"2023-04-15T20:05:54","slug":"un-regal-de-por","status":"publish","type":"page","link":"https:\/\/martisalomo.com\/en\/un-regal-de-por\/","title":{"rendered":"Un regal de por"},"content":{"rendered":"<p>[et_pb_section fb_built=&#8221;1&#8243; _builder_version=&#8221;4.17.4&#8243; _module_preset=&#8221;default&#8221; global_colors_info=&#8221;{}&#8221;][et_pb_row use_custom_gutter=&#8221;on&#8221; gutter_width=&#8221;2&#8243; make_equal=&#8221;on&#8221; _builder_version=&#8221;4.19.4&#8243; _module_preset=&#8221;default&#8221; width_tablet=&#8221;&#8221; width_phone=&#8221;96%&#8221; width_last_edited=&#8221;on|phone&#8221; custom_padding=&#8221;0px|||||&#8221; custom_css_main_element=&#8221;align-items: center;&#8221; global_colors_info=&#8221;{}&#8221;][et_pb_column type=&#8221;4_4&#8243; _builder_version=&#8221;4.17.4&#8243; _module_preset=&#8221;default&#8221; global_colors_info=&#8221;{}&#8221;][et_pb_image src=&#8221;https:\/\/martisalomo.com\/wp-content\/uploads\/2022\/11\/unregaldepor.jpg&#8221; title_text=&#8221;unregaldepor&#8221; align=&#8221;center&#8221; _builder_version=&#8221;4.20.4&#8243; _module_preset=&#8221;default&#8221; width=&#8221;50%&#8221; width_tablet=&#8221;80%&#8221; width_phone=&#8221;100%&#8221; width_last_edited=&#8221;on|phone&#8221; animation_style=&#8221;bounce&#8221; animation_delay=&#8221;250ms&#8221; global_colors_info=&#8221;{}&#8221; transform_styles__hover_enabled=&#8221;on|hover&#8221; transform_scale__hover_enabled=&#8221;on|hover&#8221; transform_translate__hover_enabled=&#8221;on|desktop&#8221; transform_rotate__hover_enabled=&#8221;on|desktop&#8221; transform_skew__hover_enabled=&#8221;on|desktop&#8221; transform_origin__hover_enabled=&#8221;on|desktop&#8221; transform_rotate__hover=&#8221;0deg|0deg|5deg&#8221;][\/et_pb_image][\/et_pb_column][\/et_pb_row][et_pb_row use_custom_gutter=&#8221;on&#8221; gutter_width=&#8221;2&#8243; make_equal=&#8221;on&#8221; _builder_version=&#8221;4.17.4&#8243; _module_preset=&#8221;default&#8221; custom_padding=&#8221;40px||11px||false|&#8221; custom_css_main_element=&#8221;align-items: flex-end;&#8221; global_colors_info=&#8221;{}&#8221;][et_pb_column type=&#8221;4_4&#8243; _builder_version=&#8221;4.17.4&#8243; _module_preset=&#8221;default&#8221; global_colors_info=&#8221;{}&#8221;][et_pb_text _builder_version=&#8221;4.20.4&#8243; _module_preset=&#8221;default&#8221; text_font=&#8221;Zilla Slab|700|||||||&#8221; text_text_color=&#8221;#000000&#8243; text_font_size=&#8221;40px&#8221; custom_padding=&#8221;||||false|false&#8221; animation_style=&#8221;slide&#8221; animation_direction=&#8221;left&#8221; animation_delay=&#8221;400ms&#8221; global_colors_info=&#8221;{}&#8221;]<\/p>\n<p style=\"text-align: center;\">Un regal de por<\/p>\n<p>[\/et_pb_text][et_pb_text _builder_version=&#8221;4.20.4&#8243; _module_preset=&#8221;default&#8221; text_font=&#8221;|300|||||||&#8221; text_text_color=&#8221;#000000&#8243; text_font_size=&#8221;20px&#8221; text_line_height=&#8221;1.6em&#8221; text_orientation=&#8221;center&#8221; width=&#8221;75%&#8221; width_tablet=&#8221;75%&#8221; width_phone=&#8221;100%&#8221; width_last_edited=&#8221;on|phone&#8221; module_alignment=&#8221;center&#8221; custom_padding=&#8221;25px||||false|false&#8221; animation_style=&#8221;fade&#8221; animation_duration=&#8221;1150ms&#8221; animation_delay=&#8221;1000ms&#8221; custom_css_main_element=&#8221;align-content: flex-end;&#8221; global_colors_info=&#8221;{}&#8221;]<\/p>\n<p><span style=\"font-weight: 400;\">Today is the World Terror Night, which brings together the nine most evil characters that exist in a secret place. For the occasion, the famous chef Jean-Col has prepared his best catering. It is midnight: time to open the gifts! Accompany the witch, the troll and other monsters to open the packages by lifting the overlaps: a children&#8217;s oven, a sarcophagus trap&#8230; Toys to the taste of each guest. But there is one last package. What if it was a trap?&#8217;\u00a0<\/span><\/p>\n<p>[\/et_pb_text][\/et_pb_column][\/et_pb_row][et_pb_row _builder_version=&#8221;4.18.1&#8243; _module_preset=&#8221;default&#8221; custom_padding=&#8221;40px||40px||true|&#8221; global_colors_info=&#8221;{}&#8221;][et_pb_column type=&#8221;4_4&#8243; _builder_version=&#8221;4.17.4&#8243; _module_preset=&#8221;default&#8221; global_colors_info=&#8221;{}&#8221;][et_pb_image src=&#8221;https:\/\/martisalomo.com\/wp-content\/uploads\/2022\/11\/UN-REGAL-DE-POR-1-2-copia_web1.jpg&#8221; title_text=&#8221;UN-REGAL-DE-POR-1-2-copia_web1&#8243; show_in_lightbox=&#8221;on&#8221; _builder_version=&#8221;4.20.4&#8243; _module_preset=&#8221;default&#8221; animation_style=&#8221;flip&#8221; animation_direction=&#8221;left&#8221; animation_duration=&#8221;1500ms&#8221; animation_delay=&#8221;500ms&#8221; global_colors_info=&#8221;{}&#8221;][\/et_pb_image][\/et_pb_column][\/et_pb_row][et_pb_row column_structure=&#8221;1_2,1_2&#8243; use_custom_gutter=&#8221;on&#8221; gutter_width=&#8221;2&#8243; make_equal=&#8221;on&#8221; _builder_version=&#8221;4.18.1&#8243; _module_preset=&#8221;default&#8221; custom_padding=&#8221;6px||10px||false|&#8221; custom_css_main_element=&#8221;align-items: center;&#8221; global_colors_info=&#8221;{}&#8221;][et_pb_column type=&#8221;1_2&#8243; _builder_version=&#8221;4.17.4&#8243; _module_preset=&#8221;default&#8221; global_colors_info=&#8221;{}&#8221;][et_pb_image src=&#8221;https:\/\/martisalomo.com\/wp-content\/uploads\/2022\/05\/taques_1.png&#8221; title_text=&#8221;taques_1&#8243; _builder_version=&#8221;4.20.4&#8243; _module_preset=&#8221;default&#8221; animation_style=&#8221;fade&#8221; hover_enabled=&#8221;0&#8243; global_colors_info=&#8221;{}&#8221; transform_styles__hover_enabled=&#8221;off|hover&#8221; transform_scale__hover_enabled=&#8221;off|hover&#8221; transform_translate__hover_enabled=&#8221;off|hover&#8221; transform_rotate__hover_enabled=&#8221;off|hover&#8221; transform_skew__hover_enabled=&#8221;off|hover&#8221; transform_origin__hover_enabled=&#8221;off|hover&#8221; transform_scale__hover=&#8221;70%|70%&#8221; sticky_enabled=&#8221;0&#8243;][\/et_pb_image][\/et_pb_column][et_pb_column type=&#8221;1_2&#8243; _builder_version=&#8221;4.17.4&#8243; _module_preset=&#8221;default&#8221; global_colors_info=&#8221;{}&#8221;][et_pb_text _builder_version=&#8221;4.20.4&#8243; _module_preset=&#8221;default&#8221; text_font=&#8221;||on||||||&#8221; text_text_color=&#8221;#000000&#8243; text_font_size=&#8221;22px&#8221; text_line_height=&#8221;1.5em&#8221; text_orientation=&#8221;right&#8221; width=&#8221;85%&#8221; module_alignment=&#8221;right&#8221; custom_padding=&#8221;||||false|false&#8221; animation_style=&#8221;slide&#8221; animation_direction=&#8221;right&#8221; custom_css_main_element=&#8221;align-items: flex-end;&#8221; global_colors_info=&#8221;{}&#8221;]<\/p>\n<p style=\"text-align: right;\"><span style=\"font-weight: 400;\">\u201cLivre bourr\u00e9 d\u2019humour, de r\u00e9f\u00e9rences et qui dissimule de grands flaps \u00e0 soulever pour conna\u00eetre tout ce dont r\u00eavent les monstres qui peuplent les histoires pr\u00e9f\u00e9r\u00e9es des enfants ! Un album aussi savoureux que les bonbecs r\u00e9colt\u00e9s le soir d\u2019Halloween\u201d. &#8211; <span style=\"color: #e9b972;\">CORINNE ABJEAN, Le T\u00e9l\u00e9gramme.<\/span><\/span><\/p>\n<p>[\/et_pb_text][\/et_pb_column][\/et_pb_row][et_pb_row _builder_version=&#8221;4.18.1&#8243; _module_preset=&#8221;default&#8221; custom_padding=&#8221;40px||40px||true|&#8221; global_colors_info=&#8221;{}&#8221;][et_pb_column type=&#8221;4_4&#8243; _builder_version=&#8221;4.17.4&#8243; _module_preset=&#8221;default&#8221; global_colors_info=&#8221;{}&#8221;][et_pb_image src=&#8221;https:\/\/martisalomo.com\/wp-content\/uploads\/2022\/11\/UN-REGAL-DE-POR-23-24-copia_WEB.jpg&#8221; title_text=&#8221;UN-REGAL-DE-POR-23-24-copia_WEB&#8221; show_in_lightbox=&#8221;on&#8221; _builder_version=&#8221;4.20.4&#8243; _module_preset=&#8221;default&#8221; animation_style=&#8221;fold&#8221; animation_direction=&#8221;left&#8221; animation_duration=&#8221;1500ms&#8221; animation_delay=&#8221;500ms&#8221; global_colors_info=&#8221;{}&#8221;][\/et_pb_image][\/et_pb_column][\/et_pb_row][et_pb_row use_custom_gutter=&#8221;on&#8221; gutter_width=&#8221;2&#8243; make_equal=&#8221;on&#8221; _builder_version=&#8221;4.17.4&#8243; _module_preset=&#8221;default&#8221; custom_margin=&#8221;12px|auto||auto||&#8221; custom_padding=&#8221;31px||31px||true|&#8221; custom_css_main_element=&#8221;align-items: flex-end;&#8221; global_colors_info=&#8221;{}&#8221;][et_pb_column type=&#8221;4_4&#8243; _builder_version=&#8221;4.17.4&#8243; _module_preset=&#8221;default&#8221; global_colors_info=&#8221;{}&#8221;][et_pb_text _builder_version=&#8221;4.20.4&#8243; _module_preset=&#8221;default&#8221; text_font=&#8221;Zilla Slab||on||||||&#8221; text_text_color=&#8221;#000000&#8243; text_font_size=&#8221;22px&#8221; text_line_height=&#8221;1.5em&#8221; header_font=&#8221;Zilla Slab||||||||&#8221; text_orientation=&#8221;center&#8221; width=&#8221;85%&#8221; module_alignment=&#8221;center&#8221; custom_padding=&#8221;||||false|false&#8221; animation_style=&#8221;fade&#8221; custom_css_main_element=&#8221;align-content: flex-end;&#8221; global_colors_info=&#8221;{}&#8221;]<\/p>\n<p style=\"text-align: center;\"><span style=\"font-weight: 400;\">\u201cOn se r\u00e9gale \u00e0 faire les liens entre ces cadeaux et les contes classiques ou l\u00e9gendes auxquels ils<br \/>correspondent. Un tr\u00e8s bon exercice d\u2019intertextualit\u00e9 pour les enfants, plein d\u2019humour et de jeux<br \/>de mots!\u201d. &#8211; <span style=\"color: #e9b972;\">EDUMOOV.<\/span><\/span><\/p>\n<p>[\/et_pb_text][\/et_pb_column][\/et_pb_row][et_pb_row _builder_version=&#8221;4.18.1&#8243; _module_preset=&#8221;default&#8221; custom_padding=&#8221;40px||40px||true|&#8221; global_colors_info=&#8221;{}&#8221;][et_pb_column type=&#8221;4_4&#8243; _builder_version=&#8221;4.17.4&#8243; _module_preset=&#8221;default&#8221; global_colors_info=&#8221;{}&#8221;][et_pb_image src=&#8221;https:\/\/martisalomo.com\/wp-content\/uploads\/2022\/11\/UN-REGAL-DE-POR-7-8-copia_WEB.jpg&#8221; title_text=&#8221;UN-REGAL-DE-POR-7-8-copia_WEB&#8221; show_in_lightbox=&#8221;on&#8221; _builder_version=&#8221;4.20.4&#8243; _module_preset=&#8221;default&#8221; animation_style=&#8221;fold&#8221; animation_direction=&#8221;right&#8221; animation_duration=&#8221;1500ms&#8221; animation_delay=&#8221;500ms&#8221; global_colors_info=&#8221;{}&#8221;][\/et_pb_image][\/et_pb_column][\/et_pb_row][et_pb_row column_structure=&#8221;1_2,1_2&#8243; make_equal=&#8221;on&#8221; _builder_version=&#8221;4.18.1&#8243; _module_preset=&#8221;default&#8221; custom_padding=&#8221;||6px|||&#8221; custom_css_main_element=&#8221;align-items: center;&#8221; global_colors_info=&#8221;{}&#8221;][et_pb_column type=&#8221;1_2&#8243; _builder_version=&#8221;4.17.4&#8243; _module_preset=&#8221;default&#8221; global_colors_info=&#8221;{}&#8221;][et_pb_text _builder_version=&#8221;4.20.4&#8243; _module_preset=&#8221;default&#8221; text_font=&#8221;||on||||||&#8221; text_text_color=&#8221;#000000&#8243; text_font_size=&#8221;22px&#8221; text_line_height=&#8221;1.5em&#8221; text_orientation=&#8221;center&#8221; width=&#8221;85%&#8221; module_alignment=&#8221;left&#8221; custom_padding=&#8221;||||false|false&#8221; animation_style=&#8221;slide&#8221; animation_direction=&#8221;left&#8221; custom_css_main_element=&#8221;align-content: flex-end;&#8221; global_colors_info=&#8221;{}&#8221;]<\/p>\n<p style=\"text-align: center;\"><span style=\"font-weight: 400;\">\u201cLa chute, tr\u00e8s tendre, est un bel hommage \u00e0 tous ces affreux dont on aime tant la compagnie!\u201d &#8211; <span style=\"color: #e9b972;\">ANG\u00c9LINA CODRON, Librairie Live (Lille)<\/span><\/span><\/p>\n<p>[\/et_pb_text][\/et_pb_column][et_pb_column type=&#8221;1_2&#8243; _builder_version=&#8221;4.17.4&#8243; _module_preset=&#8221;default&#8221; global_colors_info=&#8221;{}&#8221;][et_pb_image src=&#8221;https:\/\/martisalomo.com\/wp-content\/uploads\/2022\/05\/taques_2.png&#8221; title_text=&#8221;taques_2&#8243; _builder_version=&#8221;4.20.4&#8243; _module_preset=&#8221;default&#8221; animation_style=&#8221;fade&#8221; hover_enabled=&#8221;0&#8243; global_colors_info=&#8221;{}&#8221; transform_styles__hover_enabled=&#8221;off|hover&#8221; transform_scale__hover_enabled=&#8221;off|hover&#8221; transform_translate__hover_enabled=&#8221;off|hover&#8221; transform_rotate__hover_enabled=&#8221;off|hover&#8221; transform_skew__hover_enabled=&#8221;off|hover&#8221; transform_origin__hover_enabled=&#8221;off|hover&#8221; transform_scale__hover=&#8221;70%|70%&#8221; sticky_enabled=&#8221;0&#8243;][\/et_pb_image][\/et_pb_column][\/et_pb_row][et_pb_row _builder_version=&#8221;4.18.1&#8243; _module_preset=&#8221;default&#8221; custom_padding=&#8221;40px||40px||true|&#8221; global_colors_info=&#8221;{}&#8221;][et_pb_column type=&#8221;4_4&#8243; _builder_version=&#8221;4.17.4&#8243; _module_preset=&#8221;default&#8221; global_colors_info=&#8221;{}&#8221;][et_pb_video src=&#8221;https:\/\/youtu.be\/dZRj-tg3rsU&#8221; image_src=&#8221;\/\/i.ytimg.com\/vi\/dZRj-tg3rsU\/hqdefault.jpg&#8221; play_icon_color=&#8221;#DC9122&#8243; _builder_version=&#8221;4.20.4&#8243; _module_preset=&#8221;default&#8221; animation_style=&#8221;bounce&#8221; animation_duration=&#8221;1500ms&#8221; animation_delay=&#8221;500ms&#8221; global_colors_info=&#8221;{}&#8221;][\/et_pb_video][\/et_pb_column][\/et_pb_row][et_pb_row use_custom_gutter=&#8221;on&#8221; gutter_width=&#8221;2&#8243; make_equal=&#8221;on&#8221; _builder_version=&#8221;4.17.4&#8243; _module_preset=&#8221;default&#8221; custom_margin=&#8221;12px|auto||auto||&#8221; custom_padding=&#8221;31px||31px||true|&#8221; custom_css_main_element=&#8221;align-items: flex-end;&#8221; global_colors_info=&#8221;{}&#8221;][et_pb_column type=&#8221;4_4&#8243; _builder_version=&#8221;4.17.4&#8243; _module_preset=&#8221;default&#8221; global_colors_info=&#8221;{}&#8221;][et_pb_text _builder_version=&#8221;4.20.4&#8243; _module_preset=&#8221;default&#8221; text_font=&#8221;Zilla Slab||on||||||&#8221; text_text_color=&#8221;#000000&#8243; text_font_size=&#8221;22px&#8221; text_line_height=&#8221;1.5em&#8221; header_font=&#8221;Zilla Slab||||||||&#8221; text_orientation=&#8221;center&#8221; width=&#8221;85%&#8221; module_alignment=&#8221;center&#8221; custom_padding=&#8221;||||false|false&#8221; animation_style=&#8221;fade&#8221; custom_css_main_element=&#8221;align-content: flex-end;&#8221; global_colors_info=&#8221;{}&#8221;]<\/p>\n<p style=\"text-align: center;\"><span style=\"font-weight: 400;\">\u201cLe duo, affreusement talentueux, Meritxell Mart\u00ed et Xavier Salom\u00f3 nous offre un beau<br \/>cadeau avec cet album m\u00e9chamment hilarant!\u201d. &#8211; <span style=\"color: #e9b972;\">La Biblio des petits Loups.<\/span><\/span><\/p>\n<p>[\/et_pb_text][\/et_pb_column][\/et_pb_row][et_pb_row column_structure=&#8221;1_2,1_2&#8243; _builder_version=&#8221;4.17.4&#8243; _module_preset=&#8221;default&#8221; custom_padding=&#8221;0px||0px||false|&#8221; global_colors_info=&#8221;{}&#8221;][et_pb_column type=&#8221;1_2&#8243; _builder_version=&#8221;4.17.4&#8243; _module_preset=&#8221;default&#8221; global_colors_info=&#8221;{}&#8221;][et_pb_image src=&#8221;https:\/\/martisalomo.com\/wp-content\/uploads\/2022\/05\/taca_1.png&#8221; title_text=&#8221;taca_1&#8243; align=&#8221;center&#8221; _builder_version=&#8221;4.20.4&#8243; _module_preset=&#8221;default&#8221; width=&#8221;60%&#8221; animation_style=&#8221;bounce&#8221; global_colors_info=&#8221;{}&#8221; transform_styles__hover_enabled=&#8221;on|hover&#8221; transform_scale__hover_enabled=&#8221;on|hover&#8221; transform_translate__hover_enabled=&#8221;on|desktop&#8221; transform_rotate__hover_enabled=&#8221;on|desktop&#8221; transform_skew__hover_enabled=&#8221;on|desktop&#8221; transform_origin__hover_enabled=&#8221;on|desktop&#8221; transform_scale__hover=&#8221;70%|70%&#8221;][\/et_pb_image][\/et_pb_column][et_pb_column type=&#8221;1_2&#8243; _builder_version=&#8221;4.17.4&#8243; _module_preset=&#8221;default&#8221; global_colors_info=&#8221;{}&#8221;][et_pb_text _builder_version=&#8221;4.20.4&#8243; _module_preset=&#8221;default&#8221; text_font=&#8221;||on||||||&#8221; text_text_color=&#8221;#000000&#8243; text_font_size=&#8221;22px&#8221; text_line_height=&#8221;1.5em&#8221; text_orientation=&#8221;right&#8221; width=&#8221;85%&#8221; module_alignment=&#8221;right&#8221; custom_padding=&#8221;70px||||false|false&#8221; animation_style=&#8221;slide&#8221; animation_direction=&#8221;right&#8221; custom_css_main_element=&#8221;align-content: flex-end;&#8221; global_colors_info=&#8221;{}&#8221;]<\/p>\n<p style=\"text-align: right;\"><span style=\"font-weight: 400;\"><span style=\"color: #e9b972;\"><strong>REVIEW\u00a0 \u00a0<\/strong><\/span><br \/><span style=\"color: #000000;\"><a style=\"color: #000000;\" href=\"https:\/\/www.facebook.com\/edumoov\/posts\/5408514125928619\/\" target=\"_blank\" rel=\"noopener\">Edumoov review &#8211;<\/a><\/span><br \/><span style=\"color: #000000;\"><a style=\"color: #000000;\" href=\"https:\/\/www.letelegramme.fr\/livres\/a-lire\/jeunesse-le-cadeau-des-affreux-un-album-a-mourir-de-rire-ou-presque-29-10-2022-13209287.php\" target=\"_blank\" rel=\"noopener\">T\u00e9l\u00e9gramme review &#8211;<\/a><\/span><br \/><span style=\"color: #000000;\"><a style=\"color: #000000;\" href=\"https:\/\/www.pagedeslibraires.fr\/livre\/le-cadeau-des-affreux\" target=\"_blank\" rel=\"noopener\">Page dels Libraires review &#8211;<\/a><\/span><br \/><span style=\"color: #000000;\"><a style=\"color: #000000;\" href=\"https:\/\/www.instagram.com\/p\/CkidesOMBiG\/\" target=\"_blank\" rel=\"noopener\">La Biblio des petits loups review &#8211;<\/a><\/span><br \/><span style=\"color: #000000;\"><a style=\"color: #000000;\" href=\"https:\/\/www.canallector.com\/26482\/Un_regalo_monstruoso#\" target=\"_blank\" rel=\"noopener\">CANAL LECTOR review &#8211;<\/a><\/span><br \/><\/span><\/p>\n<p>[\/et_pb_text][\/et_pb_column][\/et_pb_row][et_pb_row _builder_version=&#8221;4.17.4&#8243; _module_preset=&#8221;default&#8221; custom_padding=&#8221;32px||10px||false|&#8221; global_colors_info=&#8221;{}&#8221;][et_pb_column type=&#8221;4_4&#8243; _builder_version=&#8221;4.17.4&#8243; _module_preset=&#8221;default&#8221; global_colors_info=&#8221;{}&#8221;][et_pb_text _builder_version=&#8221;4.20.4&#8243; _module_preset=&#8221;default&#8221; text_font=&#8221;||on||||||&#8221; text_text_color=&#8221;#000000&#8243; text_font_size=&#8221;22px&#8221; text_line_height=&#8221;1.5em&#8221; text_orientation=&#8221;center&#8221; width=&#8221;85%&#8221; module_alignment=&#8221;center&#8221; custom_margin=&#8221;||6px|||&#8221; custom_padding=&#8221;||||false|false&#8221; animation_style=&#8221;slide&#8221; animation_direction=&#8221;left&#8221; custom_css_main_element=&#8221;align-content: flex-end;&#8221; global_colors_info=&#8221;{}&#8221;]<\/p>\n<p style=\"text-align: center;\"><strong><span style=\"color: #e9b972;\">AWARDS<\/span><\/strong><\/p>\n<p>[\/et_pb_text][et_pb_text _builder_version=&#8221;4.20.4&#8243; _module_preset=&#8221;default&#8221; text_font=&#8221;|300|||||||&#8221; text_text_color=&#8221;#000000&#8243; text_font_size=&#8221;20px&#8221; text_line_height=&#8221;1.6em&#8221; text_orientation=&#8221;center&#8221; module_alignment=&#8221;center&#8221; custom_padding=&#8221;25px||||false|false&#8221; animation_style=&#8221;fade&#8221; custom_css_main_element=&#8221;align-content: flex-end;&#8221; global_colors_info=&#8221;{}&#8221;]<\/p>\n<p style=\"text-align: center;\"><span style=\"font-weight: 400;\">BEST-SELLING book in Campaign YOU ARE 6 YEARS OLD, CHOOSE A BOOK 2022 EDITION<\/span><\/p>\n<p>[\/et_pb_text][\/et_pb_column][\/et_pb_row][\/et_pb_section]<\/p>\n","protected":false},"excerpt":{"rendered":"<p>Un regal de porToday is the World Terror Night, which brings together the nine most evil characters that exist in a secret place. For the occasion, the famous chef Jean-Col has prepared his best catering. It is midnight: time to open the gifts! Accompany the witch, the troll and other monsters to open the packages [&hellip;]<\/p>\n","protected":false},"author":1,"featured_media":0,"parent":0,"menu_order":0,"comment_status":"closed","ping_status":"closed","template":"","meta":{"_et_pb_use_builder":"on","_et_pb_old_content":"","_et_gb_content_width":"","footnotes":""},"class_list":["post-1886","page","type-page","status-publish","hentry"],"yoast_head":"<!-- This site is optimized with the Yoast SEO plugin v22.5 - https:\/\/yoast.com\/wordpress\/plugins\/seo\/ -->\n<title>Un regal de por &#8211; Mart\u00ed Salom\u00f3<\/title>\n<meta name=\"robots\" content=\"index, follow, max-snippet:-1, max-image-preview:large, max-video-preview:-1\" \/>\n<link rel=\"canonical\" href=\"https:\/\/martisalomo.com\/en\/un-regal-de-por\/\" \/>\n<meta property=\"og:locale\" content=\"en_US\" \/>\n<meta property=\"og:type\" content=\"article\" \/>\n<meta property=\"og:title\" content=\"Un regal de por &#8211; Mart\u00ed Salom\u00f3\" \/>\n<meta property=\"og:description\" content=\"Un regal de porToday is the World Terror Night, which brings together the nine most evil characters that exist in a secret place. For the occasion, the famous chef Jean-Col has prepared his best catering. It is midnight: time to open the gifts! Accompany the witch, the troll and other monsters to open the packages [&hellip;]\" \/>\n<meta property=\"og:url\" content=\"https:\/\/martisalomo.com\/en\/un-regal-de-por\/\" \/>\n<meta property=\"og:site_name\" content=\"Mart\u00ed Salom\u00f3\" \/>\n<meta property=\"article:publisher\" content=\"http:\/\/facebook.com\/martisalomo\" \/>\n<meta property=\"article:modified_time\" content=\"2023-04-15T20:05:54+00:00\" \/>\n<meta name=\"twitter:card\" content=\"summary_large_image\" \/>\n<meta name=\"twitter:label1\" content=\"Est. reading time\" \/>\n\t<meta name=\"twitter:data1\" content=\"9 minutes\" \/>\n<script type=\"application\/ld+json\" class=\"yoast-schema-graph\">{\"@context\":\"https:\/\/schema.org\",\"@graph\":[{\"@type\":\"WebPage\",\"@id\":\"https:\/\/martisalomo.com\/en\/un-regal-de-por\/\",\"url\":\"https:\/\/martisalomo.com\/en\/un-regal-de-por\/\",\"name\":\"Un regal de por &#8211; Mart\u00ed Salom\u00f3\",\"isPartOf\":{\"@id\":\"https:\/\/martisalomo.com\/en\/#website\"},\"datePublished\":\"2022-11-03T14:19:37+00:00\",\"dateModified\":\"2023-04-15T20:05:54+00:00\",\"breadcrumb\":{\"@id\":\"https:\/\/martisalomo.com\/en\/un-regal-de-por\/#breadcrumb\"},\"inLanguage\":\"en-US\",\"potentialAction\":[{\"@type\":\"ReadAction\",\"target\":[\"https:\/\/martisalomo.com\/en\/un-regal-de-por\/\"]}]},{\"@type\":\"BreadcrumbList\",\"@id\":\"https:\/\/martisalomo.com\/en\/un-regal-de-por\/#breadcrumb\",\"itemListElement\":[{\"@type\":\"ListItem\",\"position\":1,\"name\":\"Inici\",\"item\":\"https:\/\/martisalomo.com\/en\/\"},{\"@type\":\"ListItem\",\"position\":2,\"name\":\"Un regal de por\"}]},{\"@type\":\"WebSite\",\"@id\":\"https:\/\/martisalomo.com\/en\/#website\",\"url\":\"https:\/\/martisalomo.com\/en\/\",\"name\":\"Mart\u00ed Salom\u00f3\",\"description\":\"Llibres per volar\",\"publisher\":{\"@id\":\"https:\/\/martisalomo.com\/en\/#organization\"},\"potentialAction\":[{\"@type\":\"SearchAction\",\"target\":{\"@type\":\"EntryPoint\",\"urlTemplate\":\"https:\/\/martisalomo.com\/en\/?s={search_term_string}\"},\"query-input\":\"required name=search_term_string\"}],\"inLanguage\":\"en-US\"},{\"@type\":\"Organization\",\"@id\":\"https:\/\/martisalomo.com\/en\/#organization\",\"name\":\"Martisalom\u00f3\",\"alternateName\":\"El Tandem\",\"url\":\"https:\/\/martisalomo.com\/en\/\",\"logo\":{\"@type\":\"ImageObject\",\"inLanguage\":\"en-US\",\"@id\":\"https:\/\/martisalomo.com\/en\/#\/schema\/logo\/image\/\",\"url\":\"https:\/\/martisalomo.com\/wp-content\/uploads\/2022\/04\/logo_taca-petit.png\",\"contentUrl\":\"https:\/\/martisalomo.com\/wp-content\/uploads\/2022\/04\/logo_taca-petit.png\",\"width\":1600,\"height\":392,\"caption\":\"Martisalom\u00f3\"},\"image\":{\"@id\":\"https:\/\/martisalomo.com\/en\/#\/schema\/logo\/image\/\"},\"sameAs\":[\"http:\/\/facebook.com\/martisalomo\",\"http:\/\/instagram.com\/xaviersalomoillustrator\"]}]}<\/script>\n<!-- \/ Yoast SEO plugin. -->","yoast_head_json":{"title":"Un regal de por &#8211; Mart\u00ed Salom\u00f3","robots":{"index":"index","follow":"follow","max-snippet":"max-snippet:-1","max-image-preview":"max-image-preview:large","max-video-preview":"max-video-preview:-1"},"canonical":"https:\/\/martisalomo.com\/en\/un-regal-de-por\/","og_locale":"en_US","og_type":"article","og_title":"Un regal de por &#8211; Mart\u00ed Salom\u00f3","og_description":"Un regal de porToday is the World Terror Night, which brings together the nine most evil characters that exist in a secret place. For the occasion, the famous chef Jean-Col has prepared his best catering. It is midnight: time to open the gifts! Accompany the witch, the troll and other monsters to open the packages [&hellip;]","og_url":"https:\/\/martisalomo.com\/en\/un-regal-de-por\/","og_site_name":"Mart\u00ed Salom\u00f3","article_publisher":"http:\/\/facebook.com\/martisalomo","article_modified_time":"2023-04-15T20:05:54+00:00","twitter_card":"summary_large_image","twitter_misc":{"Est. reading time":"9 minutes"},"schema":{"@context":"https:\/\/schema.org","@graph":[{"@type":"WebPage","@id":"https:\/\/martisalomo.com\/en\/un-regal-de-por\/","url":"https:\/\/martisalomo.com\/en\/un-regal-de-por\/","name":"Un regal de por &#8211; Mart\u00ed Salom\u00f3","isPartOf":{"@id":"https:\/\/martisalomo.com\/en\/#website"},"datePublished":"2022-11-03T14:19:37+00:00","dateModified":"2023-04-15T20:05:54+00:00","breadcrumb":{"@id":"https:\/\/martisalomo.com\/en\/un-regal-de-por\/#breadcrumb"},"inLanguage":"en-US","potentialAction":[{"@type":"ReadAction","target":["https:\/\/martisalomo.com\/en\/un-regal-de-por\/"]}]},{"@type":"BreadcrumbList","@id":"https:\/\/martisalomo.com\/en\/un-regal-de-por\/#breadcrumb","itemListElement":[{"@type":"ListItem","position":1,"name":"Inici","item":"https:\/\/martisalomo.com\/en\/"},{"@type":"ListItem","position":2,"name":"Un regal de por"}]},{"@type":"WebSite","@id":"https:\/\/martisalomo.com\/en\/#website","url":"https:\/\/martisalomo.com\/en\/","name":"Mart\u00ed Salom\u00f3","description":"Llibres per volar","publisher":{"@id":"https:\/\/martisalomo.com\/en\/#organization"},"potentialAction":[{"@type":"SearchAction","target":{"@type":"EntryPoint","urlTemplate":"https:\/\/martisalomo.com\/en\/?s={search_term_string}"},"query-input":"required name=search_term_string"}],"inLanguage":"en-US"},{"@type":"Organization","@id":"https:\/\/martisalomo.com\/en\/#organization","name":"Martisalom\u00f3","alternateName":"El Tandem","url":"https:\/\/martisalomo.com\/en\/","logo":{"@type":"ImageObject","inLanguage":"en-US","@id":"https:\/\/martisalomo.com\/en\/#\/schema\/logo\/image\/","url":"https:\/\/martisalomo.com\/wp-content\/uploads\/2022\/04\/logo_taca-petit.png","contentUrl":"https:\/\/martisalomo.com\/wp-content\/uploads\/2022\/04\/logo_taca-petit.png","width":1600,"height":392,"caption":"Martisalom\u00f3"},"image":{"@id":"https:\/\/martisalomo.com\/en\/#\/schema\/logo\/image\/"},"sameAs":["http:\/\/facebook.com\/martisalomo","http:\/\/instagram.com\/xaviersalomoillustrator"]}]}},"_links":{"self":[{"href":"https:\/\/martisalomo.com\/en\/wp-json\/wp\/v2\/pages\/1886","targetHints":{"allow":["GET"]}}],"collection":[{"href":"https:\/\/martisalomo.com\/en\/wp-json\/wp\/v2\/pages"}],"about":[{"href":"https:\/\/martisalomo.com\/en\/wp-json\/wp\/v2\/types\/page"}],"author":[{"embeddable":true,"href":"https:\/\/martisalomo.com\/en\/wp-json\/wp\/v2\/users\/1"}],"replies":[{"embeddable":true,"href":"https:\/\/martisalomo.com\/en\/wp-json\/wp\/v2\/comments?post=1886"}],"version-history":[{"count":2,"href":"https:\/\/martisalomo.com\/en\/wp-json\/wp\/v2\/pages\/1886\/revisions"}],"predecessor-version":[{"id":1888,"href":"https:\/\/martisalomo.com\/en\/wp-json\/wp\/v2\/pages\/1886\/revisions\/1888"}],"wp:attachment":[{"href":"https:\/\/martisalomo.com\/en\/wp-json\/wp\/v2\/media?parent=1886"}],"curies":[{"name":"wp","href":"https:\/\/api.w.org\/{rel}","templated":true}]}}