{"id":1742,"date":"2022-04-14T17:19:38","date_gmt":"2022-04-14T17:19:38","guid":{"rendered":"https:\/\/martisalomo.com\/quienes-somos\/"},"modified":"2023-05-30T10:58:23","modified_gmt":"2023-05-30T10:58:23","slug":"quienes-somos","status":"publish","type":"page","link":"https:\/\/martisalomo.com\/es\/quienes-somos\/","title":{"rendered":"Quienes somos"},"content":{"rendered":"<p>[et_pb_section fb_built=&#8221;1&#8243; admin_label=&#8221;Call to Action&#8221; _builder_version=&#8221;4.20.4&#8243; _module_preset=&#8221;default&#8221; background_color=&#8221;rgba(255,255,255,0.8)&#8221; custom_padding=&#8221;20px||62px||false|false&#8221; global_colors_info=&#8221;{}&#8221;][et_pb_row use_custom_gutter=&#8221;on&#8221; make_equal=&#8221;on&#8221; _builder_version=&#8221;4.17.1&#8243; _module_preset=&#8221;default&#8221; background_enable_color=&#8221;off&#8221; custom_padding=&#8221;4px||4px||true|false&#8221; custom_css_main_element=&#8221;align-items: center;&#8221; global_colors_info=&#8221;{}&#8221;][et_pb_column type=&#8221;4_4&#8243; _builder_version=&#8221;4.16&#8243; _module_preset=&#8221;default&#8221; global_colors_info=&#8221;{}&#8221;][et_pb_image src=&#8221;https:\/\/martisalomo.com\/wp-content\/uploads\/2023\/04\/MeritxellXavierMixifu.png&#8221; title_text=&#8221;MeritxellXavierMixifu&#8221; show_bottom_space=&#8221;off&#8221; align=&#8221;center&#8221; _builder_version=&#8221;4.20.4&#8243; _module_preset=&#8221;default&#8221; width=&#8221;100%&#8221; module_alignment=&#8221;center&#8221; custom_padding=&#8221;|20px|||false|false&#8221; global_colors_info=&#8221;{}&#8221;][\/et_pb_image][\/et_pb_column][\/et_pb_row][et_pb_row column_structure=&#8221;1_2,1_2&#8243; _builder_version=&#8221;4.18.0&#8243; _module_preset=&#8221;default&#8221; custom_padding=&#8221;60px|||||&#8221; global_colors_info=&#8221;{}&#8221;][et_pb_column type=&#8221;1_2&#8243; _builder_version=&#8221;4.18.0&#8243; _module_preset=&#8221;default&#8221; global_colors_info=&#8221;{}&#8221;][et_pb_text _builder_version=&#8221;4.19.4&#8243; _module_preset=&#8221;default&#8221; text_font=&#8221;|700|||||||&#8221; text_text_color=&#8221;#000000&#8243; text_font_size=&#8221;30px&#8221; animation_style=&#8221;slide&#8221; animation_direction=&#8221;left&#8221; global_colors_info=&#8221;{}&#8221;]<\/p>\n<p>La Meritxell<\/p>\n<p>[\/et_pb_text][et_pb_text _builder_version=&#8221;4.19.4&#8243; _module_preset=&#8221;default&#8221; text_text_color=&#8221;#000000&#8243; text_font_size=&#8221;18px&#8221; animation_style=&#8221;fade&#8221; global_colors_info=&#8221;{}&#8221;]<\/p>\n<p><span style=\"font-weight: 400;\">Quer\u00eda ser astrof\u00edsica, escritora, pianista, cantante, peluquera, astronauta, dise\u00f1adora de vestidos largos con flores, tocar la bater\u00eda y el clarinete y tener un huerto.<\/span><\/p>\n<p><span style=\"font-weight: 400;\">Naci\u00f3 en Sabadell, y estudi\u00f3 m\u00fasica cerca de su casa. Jugaba en la calle, a saltar la comba y a mate. En casa, ayudaba a regar el huerto y cosechar cerezas. Despu\u00e9s empez\u00f3 a viajar y estudiar Humanidades, y m\u00e1s tarde, hizo un m\u00e1ster de Meditaci\u00f3n, Relajaci\u00f3n y Atenci\u00f3n Plena (<\/span><i><span style=\"font-weight: 400;\">Mindfulness<\/span><\/i><span style=\"font-weight: 400;\">). Trabaj\u00f3 como m\u00fasica, editora y profesora de Humanidades. Desde hace veinte a\u00f1os escribe libros para ni\u00f1os, codo a codo con Xavier.<\/span><\/p>\n<p>[\/et_pb_text][\/et_pb_column][et_pb_column type=&#8221;1_2&#8243; _builder_version=&#8221;4.18.0&#8243; _module_preset=&#8221;default&#8221; global_colors_info=&#8221;{}&#8221;][et_pb_text _builder_version=&#8221;4.19.4&#8243; _module_preset=&#8221;default&#8221; text_font=&#8221;|700|||||||&#8221; text_text_color=&#8221;#000000&#8243; text_font_size=&#8221;30px&#8221; animation_style=&#8221;slide&#8221; animation_direction=&#8221;right&#8221; global_colors_info=&#8221;{}&#8221;]<\/p>\n<p>El Xavier<\/p>\n<p>[\/et_pb_text][et_pb_text _builder_version=&#8221;4.19.4&#8243; _module_preset=&#8221;default&#8221; text_text_color=&#8221;#000000&#8243; text_font_size=&#8221;18px&#8221; animation_style=&#8221;fade&#8221; global_colors_info=&#8221;{}&#8221;]<\/p>\n<p><span style=\"font-weight: 400;\">Quer\u00eda ser director de cine, pintor y dibujante.<\/span><\/p>\n<p><span style=\"font-weight: 400;\">Tambi\u00e9n naci\u00f3 en Sabadell, cuando Meritxell ya ten\u00eda tres a\u00f1os y medio y hac\u00eda carreras con los ni\u00f1os y ni\u00f1as del parvulario. Realiz\u00f3 la prueba de ingreso en Bellas Artes y de ese fracaso sali\u00f3 la oportunidad de descubrir la ilustraci\u00f3n. Siempre estar\u00e1 agradecido a quienes consideraron que no serv\u00eda para pintar. Lleva m\u00e1s de cien libros ilustrados, la mitad de los cuales los ha realizado en t\u00e1ndem con Meritxell.<\/span><\/p>\n<p>[\/et_pb_text][\/et_pb_column][\/et_pb_row][et_pb_row _builder_version=&#8221;4.17.0&#8243; _module_preset=&#8221;default&#8221; custom_padding=&#8221;0px||0px|||&#8221; global_colors_info=&#8221;{}&#8221;][et_pb_column type=&#8221;4_4&#8243; _builder_version=&#8221;4.17.0&#8243; _module_preset=&#8221;default&#8221; global_colors_info=&#8221;{}&#8221;][et_pb_image src=&#8221;https:\/\/martisalomo.com\/wp-content\/uploads\/2022\/05\/taques_1.png&#8221; title_text=&#8221;taques_1&#8243; align=&#8221;center&#8221; _builder_version=&#8221;4.20.4&#8243; _module_preset=&#8221;default&#8221; transform_scale_last_edited=&#8221;off|desktop&#8221; transform_translate_last_edited=&#8221;off|desktop&#8221; transform_rotate_last_edited=&#8221;off|desktop&#8221; transform_skew_last_edited=&#8221;off|desktop&#8221; transform_origin_last_edited=&#8221;off|desktop&#8221; transform_styles_last_edited=&#8221;off|desktop&#8221; width=&#8221;60%&#8221; global_colors_info=&#8221;{}&#8221; transform_styles__hover_enabled=&#8221;off|hover&#8221; transform_scale__hover_enabled=&#8221;off|hover&#8221; transform_translate__hover_enabled=&#8221;off|hover&#8221; transform_rotate__hover_enabled=&#8221;off|hover&#8221; transform_skew__hover_enabled=&#8221;off|hover&#8221; transform_origin__hover_enabled=&#8221;off|hover&#8221; transform_rotate__hover=&#8221;2deg|187deg|7deg&#8221;][\/et_pb_image][\/et_pb_column][\/et_pb_row][\/et_pb_section]<\/p>\n","protected":false},"excerpt":{"rendered":"<p>La MeritxellQuer\u00eda ser astrof\u00edsica, escritora, pianista, cantante, peluquera, astronauta, dise\u00f1adora de vestidos largos con flores, tocar la bater\u00eda y el clarinete y tener un huerto. Naci\u00f3 en Sabadell, y estudi\u00f3 m\u00fasica cerca de su casa. Jugaba en la calle, a saltar la comba y a mate. En casa, ayudaba a regar el huerto y cosechar [&hellip;]<\/p>\n","protected":false},"author":1,"featured_media":0,"parent":0,"menu_order":0,"comment_status":"closed","ping_status":"closed","template":"","meta":{"_et_pb_use_builder":"on","_et_pb_old_content":"","_et_gb_content_width":"","footnotes":""},"class_list":["post-1742","page","type-page","status-publish","hentry"],"yoast_head":"<!-- This site is optimized with the Yoast SEO plugin v22.5 - https:\/\/yoast.com\/wordpress\/plugins\/seo\/ -->\n<title>Quienes somos &#8211; Mart\u00ed Salom\u00f3<\/title>\n<meta name=\"robots\" content=\"index, follow, max-snippet:-1, max-image-preview:large, max-video-preview:-1\" \/>\n<link rel=\"canonical\" href=\"https:\/\/martisalomo.com\/es\/quienes-somos\/\" \/>\n<meta property=\"og:locale\" content=\"es_ES\" \/>\n<meta property=\"og:type\" content=\"article\" \/>\n<meta property=\"og:title\" content=\"Quienes somos &#8211; Mart\u00ed Salom\u00f3\" \/>\n<meta property=\"og:description\" content=\"La MeritxellQuer\u00eda ser astrof\u00edsica, escritora, pianista, cantante, peluquera, astronauta, dise\u00f1adora de vestidos largos con flores, tocar la bater\u00eda y el clarinete y tener un huerto. Naci\u00f3 en Sabadell, y estudi\u00f3 m\u00fasica cerca de su casa. Jugaba en la calle, a saltar la comba y a mate. En casa, ayudaba a regar el huerto y cosechar [&hellip;]\" \/>\n<meta property=\"og:url\" content=\"https:\/\/martisalomo.com\/es\/quienes-somos\/\" \/>\n<meta property=\"og:site_name\" content=\"Mart\u00ed Salom\u00f3\" \/>\n<meta property=\"article:publisher\" content=\"http:\/\/facebook.com\/martisalomo\" \/>\n<meta property=\"article:modified_time\" content=\"2023-05-30T10:58:23+00:00\" \/>\n<meta name=\"twitter:card\" content=\"summary_large_image\" \/>\n<meta name=\"twitter:label1\" content=\"Tiempo de lectura\" \/>\n\t<meta name=\"twitter:data1\" content=\"3 minutos\" \/>\n<script type=\"application\/ld+json\" class=\"yoast-schema-graph\">{\"@context\":\"https:\/\/schema.org\",\"@graph\":[{\"@type\":\"WebPage\",\"@id\":\"https:\/\/martisalomo.com\/es\/quienes-somos\/\",\"url\":\"https:\/\/martisalomo.com\/es\/quienes-somos\/\",\"name\":\"Quienes somos &#8211; Mart\u00ed Salom\u00f3\",\"isPartOf\":{\"@id\":\"https:\/\/martisalomo.com\/es\/#website\"},\"datePublished\":\"2022-04-14T17:19:38+00:00\",\"dateModified\":\"2023-05-30T10:58:23+00:00\",\"breadcrumb\":{\"@id\":\"https:\/\/martisalomo.com\/es\/quienes-somos\/#breadcrumb\"},\"inLanguage\":\"es\",\"potentialAction\":[{\"@type\":\"ReadAction\",\"target\":[\"https:\/\/martisalomo.com\/es\/quienes-somos\/\"]}]},{\"@type\":\"BreadcrumbList\",\"@id\":\"https:\/\/martisalomo.com\/es\/quienes-somos\/#breadcrumb\",\"itemListElement\":[{\"@type\":\"ListItem\",\"position\":1,\"name\":\"Inici\",\"item\":\"https:\/\/martisalomo.com\/es\/\"},{\"@type\":\"ListItem\",\"position\":2,\"name\":\"Quienes somos\"}]},{\"@type\":\"WebSite\",\"@id\":\"https:\/\/martisalomo.com\/es\/#website\",\"url\":\"https:\/\/martisalomo.com\/es\/\",\"name\":\"Mart\u00ed Salom\u00f3\",\"description\":\"Llibres per volar\",\"publisher\":{\"@id\":\"https:\/\/martisalomo.com\/es\/#organization\"},\"potentialAction\":[{\"@type\":\"SearchAction\",\"target\":{\"@type\":\"EntryPoint\",\"urlTemplate\":\"https:\/\/martisalomo.com\/es\/?s={search_term_string}\"},\"query-input\":\"required name=search_term_string\"}],\"inLanguage\":\"es\"},{\"@type\":\"Organization\",\"@id\":\"https:\/\/martisalomo.com\/es\/#organization\",\"name\":\"Martisalom\u00f3\",\"alternateName\":\"El Tandem\",\"url\":\"https:\/\/martisalomo.com\/es\/\",\"logo\":{\"@type\":\"ImageObject\",\"inLanguage\":\"es\",\"@id\":\"https:\/\/martisalomo.com\/es\/#\/schema\/logo\/image\/\",\"url\":\"https:\/\/martisalomo.com\/wp-content\/uploads\/2022\/04\/logo_taca-petit.png\",\"contentUrl\":\"https:\/\/martisalomo.com\/wp-content\/uploads\/2022\/04\/logo_taca-petit.png\",\"width\":1600,\"height\":392,\"caption\":\"Martisalom\u00f3\"},\"image\":{\"@id\":\"https:\/\/martisalomo.com\/es\/#\/schema\/logo\/image\/\"},\"sameAs\":[\"http:\/\/facebook.com\/martisalomo\",\"http:\/\/instagram.com\/xaviersalomoillustrator\"]}]}<\/script>\n<!-- \/ Yoast SEO plugin. -->","yoast_head_json":{"title":"Quienes somos &#8211; Mart\u00ed Salom\u00f3","robots":{"index":"index","follow":"follow","max-snippet":"max-snippet:-1","max-image-preview":"max-image-preview:large","max-video-preview":"max-video-preview:-1"},"canonical":"https:\/\/martisalomo.com\/es\/quienes-somos\/","og_locale":"es_ES","og_type":"article","og_title":"Quienes somos &#8211; Mart\u00ed Salom\u00f3","og_description":"La MeritxellQuer\u00eda ser astrof\u00edsica, escritora, pianista, cantante, peluquera, astronauta, dise\u00f1adora de vestidos largos con flores, tocar la bater\u00eda y el clarinete y tener un huerto. Naci\u00f3 en Sabadell, y estudi\u00f3 m\u00fasica cerca de su casa. Jugaba en la calle, a saltar la comba y a mate. En casa, ayudaba a regar el huerto y cosechar [&hellip;]","og_url":"https:\/\/martisalomo.com\/es\/quienes-somos\/","og_site_name":"Mart\u00ed Salom\u00f3","article_publisher":"http:\/\/facebook.com\/martisalomo","article_modified_time":"2023-05-30T10:58:23+00:00","twitter_card":"summary_large_image","twitter_misc":{"Tiempo de lectura":"3 minutos"},"schema":{"@context":"https:\/\/schema.org","@graph":[{"@type":"WebPage","@id":"https:\/\/martisalomo.com\/es\/quienes-somos\/","url":"https:\/\/martisalomo.com\/es\/quienes-somos\/","name":"Quienes somos &#8211; Mart\u00ed Salom\u00f3","isPartOf":{"@id":"https:\/\/martisalomo.com\/es\/#website"},"datePublished":"2022-04-14T17:19:38+00:00","dateModified":"2023-05-30T10:58:23+00:00","breadcrumb":{"@id":"https:\/\/martisalomo.com\/es\/quienes-somos\/#breadcrumb"},"inLanguage":"es","potentialAction":[{"@type":"ReadAction","target":["https:\/\/martisalomo.com\/es\/quienes-somos\/"]}]},{"@type":"BreadcrumbList","@id":"https:\/\/martisalomo.com\/es\/quienes-somos\/#breadcrumb","itemListElement":[{"@type":"ListItem","position":1,"name":"Inici","item":"https:\/\/martisalomo.com\/es\/"},{"@type":"ListItem","position":2,"name":"Quienes somos"}]},{"@type":"WebSite","@id":"https:\/\/martisalomo.com\/es\/#website","url":"https:\/\/martisalomo.com\/es\/","name":"Mart\u00ed Salom\u00f3","description":"Llibres per volar","publisher":{"@id":"https:\/\/martisalomo.com\/es\/#organization"},"potentialAction":[{"@type":"SearchAction","target":{"@type":"EntryPoint","urlTemplate":"https:\/\/martisalomo.com\/es\/?s={search_term_string}"},"query-input":"required name=search_term_string"}],"inLanguage":"es"},{"@type":"Organization","@id":"https:\/\/martisalomo.com\/es\/#organization","name":"Martisalom\u00f3","alternateName":"El Tandem","url":"https:\/\/martisalomo.com\/es\/","logo":{"@type":"ImageObject","inLanguage":"es","@id":"https:\/\/martisalomo.com\/es\/#\/schema\/logo\/image\/","url":"https:\/\/martisalomo.com\/wp-content\/uploads\/2022\/04\/logo_taca-petit.png","contentUrl":"https:\/\/martisalomo.com\/wp-content\/uploads\/2022\/04\/logo_taca-petit.png","width":1600,"height":392,"caption":"Martisalom\u00f3"},"image":{"@id":"https:\/\/martisalomo.com\/es\/#\/schema\/logo\/image\/"},"sameAs":["http:\/\/facebook.com\/martisalomo","http:\/\/instagram.com\/xaviersalomoillustrator"]}]}},"_links":{"self":[{"href":"https:\/\/martisalomo.com\/es\/wp-json\/wp\/v2\/pages\/1742","targetHints":{"allow":["GET"]}}],"collection":[{"href":"https:\/\/martisalomo.com\/es\/wp-json\/wp\/v2\/pages"}],"about":[{"href":"https:\/\/martisalomo.com\/es\/wp-json\/wp\/v2\/types\/page"}],"author":[{"embeddable":true,"href":"https:\/\/martisalomo.com\/es\/wp-json\/wp\/v2\/users\/1"}],"replies":[{"embeddable":true,"href":"https:\/\/martisalomo.com\/es\/wp-json\/wp\/v2\/comments?post=1742"}],"version-history":[{"count":40,"href":"https:\/\/martisalomo.com\/es\/wp-json\/wp\/v2\/pages\/1742\/revisions"}],"predecessor-version":[{"id":2194,"href":"https:\/\/martisalomo.com\/es\/wp-json\/wp\/v2\/pages\/1742\/revisions\/2194"}],"wp:attachment":[{"href":"https:\/\/martisalomo.com\/es\/wp-json\/wp\/v2\/media?parent=1742"}],"curies":[{"name":"wp","href":"https:\/\/api.w.org\/{rel}","templated":true}]}}