{"id":1763,"date":"2022-09-21T14:28:07","date_gmt":"2022-09-21T14:28:07","guid":{"rendered":"https:\/\/martisalomo.com\/escolta-les-estacions\/"},"modified":"2023-04-14T20:24:50","modified_gmt":"2023-04-14T20:24:50","slug":"escolta-les-estacions","status":"publish","type":"page","link":"https:\/\/martisalomo.com\/es\/escolta-les-estacions\/","title":{"rendered":"Escolta les estacions"},"content":{"rendered":"<p>[et_pb_section fb_built=&#8221;1&#8243; _builder_version=&#8221;4.17.4&#8243; _module_preset=&#8221;default&#8221; global_colors_info=&#8221;{}&#8221;][et_pb_row use_custom_gutter=&#8221;on&#8221; gutter_width=&#8221;2&#8243; make_equal=&#8221;on&#8221; _builder_version=&#8221;4.17.4&#8243; _module_preset=&#8221;default&#8221; width_tablet=&#8221;&#8221; width_phone=&#8221;100%&#8221; width_last_edited=&#8221;on|phone&#8221; custom_padding=&#8221;0px|||||&#8221; custom_css_main_element=&#8221;align-items: center;&#8221; global_colors_info=&#8221;{}&#8221;][et_pb_column type=&#8221;4_4&#8243; _builder_version=&#8221;4.17.4&#8243; _module_preset=&#8221;default&#8221; global_colors_info=&#8221;{}&#8221;][et_pb_image src=&#8221;https:\/\/martisalomo.com\/wp-content\/uploads\/2022\/11\/escolta-les-estacions.jpg&#8221; title_text=&#8221;escolta les estacions&#8221; align=&#8221;center&#8221; _builder_version=&#8221;4.20.4&#8243; _module_preset=&#8221;default&#8221; width=&#8221;50%&#8221; width_tablet=&#8221;50%&#8221; width_phone=&#8221;100%&#8221; width_last_edited=&#8221;on|phone&#8221; animation_style=&#8221;bounce&#8221; animation_direction=&#8221;top&#8221; global_colors_info=&#8221;{}&#8221; transform_styles__hover_enabled=&#8221;on|hover&#8221; transform_scale__hover_enabled=&#8221;on|hover&#8221; transform_translate__hover_enabled=&#8221;on|desktop&#8221; transform_rotate__hover_enabled=&#8221;on|desktop&#8221; transform_skew__hover_enabled=&#8221;on|desktop&#8221; transform_origin__hover_enabled=&#8221;on|desktop&#8221; transform_rotate__hover=&#8221;0deg|0deg|5deg&#8221;][\/et_pb_image][\/et_pb_column][\/et_pb_row][et_pb_row use_custom_gutter=&#8221;on&#8221; gutter_width=&#8221;2&#8243; make_equal=&#8221;on&#8221; _builder_version=&#8221;4.18.1&#8243; _module_preset=&#8221;default&#8221; custom_padding=&#8221;33px||11px||false|&#8221; custom_css_main_element=&#8221;align-items: flex-end;&#8221; global_colors_info=&#8221;{}&#8221;][et_pb_column type=&#8221;4_4&#8243; _builder_version=&#8221;4.17.4&#8243; _module_preset=&#8221;default&#8221; global_colors_info=&#8221;{}&#8221;][et_pb_text _builder_version=&#8221;4.20.4&#8243; _module_preset=&#8221;default&#8221; text_font=&#8221;|700|||||||&#8221; text_text_color=&#8221;#000000&#8243; text_font_size=&#8221;40px&#8221; text_line_height=&#8221;1.5em&#8221; custom_padding=&#8221;||||false|false&#8221; animation_style=&#8221;slide&#8221; animation_direction=&#8221;left&#8221; animation_delay=&#8221;200ms&#8221; global_colors_info=&#8221;{}&#8221;]<\/p>\n<p style=\"text-align: center;\">Escolta les estacions<\/p>\n<p>[\/et_pb_text][et_pb_text _builder_version=&#8221;4.20.4&#8243; _module_preset=&#8221;default&#8221; text_font=&#8221;||||||||&#8221; text_text_color=&#8221;#000000&#8243; text_font_size=&#8221;22px&#8221; text_line_height=&#8221;1.6em&#8221; text_orientation=&#8221;center&#8221; width=&#8221;75%&#8221; width_tablet=&#8221;75%&#8221; width_phone=&#8221;100%&#8221; width_last_edited=&#8221;on|phone&#8221; module_alignment=&#8221;center&#8221; custom_padding=&#8221;25px||||false|false&#8221; animation_style=&#8221;fade&#8221; animation_delay=&#8221;500ms&#8221; custom_css_main_element=&#8221;align-content: flex-end;&#8221; global_colors_info=&#8221;{}&#8221;]<\/p>\n<p><span style=\"font-weight: 400;\">Un libro con sonidos, para fascinar a los ni\u00f1os peque\u00f1os de casa. <\/span><i><span style=\"font-weight: 400;\">Escolta les estacions<\/span><\/i><span style=\"font-weight: 400;\"> es un canto en la naturaleza y sus ciclos. Texto, ilustraci\u00f3n y sonido van de la mano para crear una atm\u00f3sfera sugerente y c\u00e1lida, tambi\u00e9n en pleno invierno. Adem\u00e1s, <\/span><i><span style=\"font-weight: 400;\">Escolta les estacions<\/span><\/i><span style=\"font-weight: 400;\"> es una preciosidad de edici\u00f3n, elegante y bonita, con el mecanismo de los sonidos muy bien integrado para no molestar en las p\u00e1ginas.<\/span><\/p>\n<p><span style=\"font-weight: 400;\">Libro inclusivo (puede ser apto para personas con diversidad visual, acompa\u00f1amiento lector).<\/span><\/p>\n<p>[\/et_pb_text][\/et_pb_column][\/et_pb_row][et_pb_row _builder_version=&#8221;4.17.4&#8243; _module_preset=&#8221;default&#8221; custom_padding=&#8221;24px||24px||true|&#8221; global_colors_info=&#8221;{}&#8221;][et_pb_column type=&#8221;4_4&#8243; _builder_version=&#8221;4.17.4&#8243; _module_preset=&#8221;default&#8221; global_colors_info=&#8221;{}&#8221;][et_pb_image src=&#8221;https:\/\/martisalomo.com\/wp-content\/uploads\/2022\/09\/Escolta-les-estacions-1-scaled.jpg&#8221; title_text=&#8221;Escolta les estacions 1&#8243; show_in_lightbox=&#8221;on&#8221; _builder_version=&#8221;4.20.4&#8243; _module_preset=&#8221;default&#8221; custom_padding=&#8221;10px||||false|false&#8221; animation_style=&#8221;fold&#8221; animation_direction=&#8221;left&#8221; animation_delay=&#8221;200ms&#8221; global_colors_info=&#8221;{}&#8221;][\/et_pb_image][\/et_pb_column][\/et_pb_row][et_pb_row _builder_version=&#8221;4.18.1&#8243; _module_preset=&#8221;default&#8221; custom_padding=&#8221;33px||33px||true|&#8221; global_colors_info=&#8221;{}&#8221;][et_pb_column type=&#8221;4_4&#8243; _builder_version=&#8221;4.17.4&#8243; _module_preset=&#8221;default&#8221; global_colors_info=&#8221;{}&#8221;][et_pb_image src=&#8221;https:\/\/martisalomo.com\/wp-content\/uploads\/2022\/09\/Escolta-les-estacions-2-scaled.jpg&#8221; title_text=&#8221;Escolta les estacions 2&#8243; show_in_lightbox=&#8221;on&#8221; _builder_version=&#8221;4.20.4&#8243; _module_preset=&#8221;default&#8221; custom_padding=&#8221;||||false|false&#8221; animation_style=&#8221;fold&#8221; animation_direction=&#8221;right&#8221; animation_delay=&#8221;200ms&#8221; global_colors_info=&#8221;{}&#8221;][\/et_pb_image][\/et_pb_column][\/et_pb_row][et_pb_row column_structure=&#8221;1_2,1_2&#8243; use_custom_gutter=&#8221;on&#8221; gutter_width=&#8221;2&#8243; make_equal=&#8221;on&#8221; _builder_version=&#8221;4.17.4&#8243; _module_preset=&#8221;default&#8221; custom_padding=&#8221;18px||70px||false|&#8221; custom_css_main_element=&#8221;align-items: flex-end;&#8221; global_colors_info=&#8221;{}&#8221;][et_pb_column type=&#8221;1_2&#8243; _builder_version=&#8221;4.17.4&#8243; _module_preset=&#8221;default&#8221; global_colors_info=&#8221;{}&#8221;][et_pb_image src=&#8221;https:\/\/martisalomo.com\/wp-content\/uploads\/2022\/05\/taques_1.png&#8221; title_text=&#8221;taques_1&#8243; _builder_version=&#8221;4.20.4&#8243; _module_preset=&#8221;default&#8221; animation_style=&#8221;fade&#8221; animation_delay=&#8221;200ms&#8221; global_colors_info=&#8221;{}&#8221; transform_styles__hover_enabled=&#8221;on|hover&#8221; transform_scale__hover_enabled=&#8221;on|hover&#8221; transform_translate__hover_enabled=&#8221;on|desktop&#8221; transform_rotate__hover_enabled=&#8221;on|desktop&#8221; transform_skew__hover_enabled=&#8221;on|desktop&#8221; transform_origin__hover_enabled=&#8221;on|desktop&#8221; transform_scale__hover=&#8221;70%|70%&#8221;][\/et_pb_image][\/et_pb_column][et_pb_column type=&#8221;1_2&#8243; _builder_version=&#8221;4.17.4&#8243; _module_preset=&#8221;default&#8221; global_colors_info=&#8221;{}&#8221;][et_pb_text _builder_version=&#8221;4.20.4&#8243; _module_preset=&#8221;default&#8221; text_font=&#8221;||on||||||&#8221; text_text_color=&#8221;#000000&#8243; text_font_size=&#8221;22px&#8221; text_line_height=&#8221;1.5em&#8221; text_orientation=&#8221;right&#8221; width=&#8221;85%&#8221; module_alignment=&#8221;right&#8221; custom_padding=&#8221;||||false|false&#8221; animation_style=&#8221;slide&#8221; animation_direction=&#8221;right&#8221; animation_delay=&#8221;200ms&#8221; custom_css_main_element=&#8221;align-items: flex-end;&#8221; global_colors_info=&#8221;{}&#8221;]<\/p>\n<p style=\"text-align: right;\"><span style=\"font-weight: 400;\">&#8220;Meritxell Mart\u00ed y Xavier Salom\u00f3 lo han vuelto hacer \u00a1HAN CREADO UNA AUT\u00c8NTICA MARAVILLA! Es el mejor libro de sonidos que he visto en mi vida. La calidad de las grabaciones es portentosa y, como siempre ocurre con este t\u00e0ndem, el equilibro entre texto e ilustraci\u00f3n es perfecto. S\u00f3lo tiene una cosa mala: cuando lo terminas piensas &#8220;\u00bf Pero qu\u00e9 hago yo viviendo en la ciudad?&#8221;. &#8211; <span style=\"color: #e9b972;\">Laura Vila, Librer\u00eda Alberti (Madrid)<\/span><\/span><\/p>\n<p>[\/et_pb_text][\/et_pb_column][\/et_pb_row][et_pb_row _builder_version=&#8221;4.18.1&#8243; _module_preset=&#8221;default&#8221; custom_padding=&#8221;32px||32px||true|&#8221; global_colors_info=&#8221;{}&#8221;][et_pb_column type=&#8221;4_4&#8243; _builder_version=&#8221;4.17.4&#8243; _module_preset=&#8221;default&#8221; global_colors_info=&#8221;{}&#8221;][et_pb_image src=&#8221;https:\/\/martisalomo.com\/wp-content\/uploads\/2022\/09\/Escolta-les-estacions-3-scaled.jpg&#8221; title_text=&#8221;Escolta les estacions 3&#8243; show_in_lightbox=&#8221;on&#8221; _builder_version=&#8221;4.20.4&#8243; _module_preset=&#8221;default&#8221; custom_padding=&#8221;8px||||false|false&#8221; animation_style=&#8221;fold&#8221; animation_direction=&#8221;bottom&#8221; hover_enabled=&#8221;0&#8243; global_colors_info=&#8221;{}&#8221; animation_delay=&#8221;200ms&#8221; sticky_enabled=&#8221;0&#8243;][\/et_pb_image][\/et_pb_column][\/et_pb_row][et_pb_row _builder_version=&#8221;4.17.4&#8243; _module_preset=&#8221;default&#8221; custom_padding=&#8221;33px||33px||true|&#8221; global_colors_info=&#8221;{}&#8221;][et_pb_column type=&#8221;4_4&#8243; _builder_version=&#8221;4.17.4&#8243; _module_preset=&#8221;default&#8221; global_colors_info=&#8221;{}&#8221;][et_pb_image src=&#8221;https:\/\/martisalomo.com\/wp-content\/uploads\/2022\/09\/Escolta-les-estacions-4-scaled.jpg&#8221; title_text=&#8221;Escolta les estacions 4&#8243; show_in_lightbox=&#8221;on&#8221; _builder_version=&#8221;4.20.4&#8243; _module_preset=&#8221;default&#8221; animation_style=&#8221;fold&#8221; animation_direction=&#8221;top&#8221; animation_delay=&#8221;200ms&#8221; hover_enabled=&#8221;0&#8243; global_colors_info=&#8221;{}&#8221; sticky_enabled=&#8221;0&#8243;][\/et_pb_image][\/et_pb_column][\/et_pb_row][et_pb_row _builder_version=&#8221;4.18.1&#8243; _module_preset=&#8221;default&#8221; custom_padding=&#8221;34px||33px||false|false&#8221; global_colors_info=&#8221;{}&#8221;][et_pb_column type=&#8221;4_4&#8243; _builder_version=&#8221;4.17.4&#8243; _module_preset=&#8221;default&#8221; global_colors_info=&#8221;{}&#8221;][et_pb_video src=&#8221;https:\/\/youtu.be\/UEa_PouIGpY&#8221; image_src=&#8221;\/\/i.ytimg.com\/vi\/UEa_PouIGpY\/hqdefault.jpg&#8221; play_icon_color=&#8221;#DC9122&#8243; _builder_version=&#8221;4.20.4&#8243; _module_preset=&#8221;default&#8221; animation_style=&#8221;bounce&#8221; animation_delay=&#8221;200ms&#8221; hover_enabled=&#8221;0&#8243; global_colors_info=&#8221;{}&#8221; sticky_enabled=&#8221;0&#8243;][\/et_pb_video][\/et_pb_column][\/et_pb_row][et_pb_row column_structure=&#8221;1_2,1_2&#8243; make_equal=&#8221;on&#8221; _builder_version=&#8221;4.18.1&#8243; _module_preset=&#8221;default&#8221; custom_padding=&#8221;0px||0px||false|&#8221; custom_css_main_element=&#8221;align-items: center;&#8221; global_colors_info=&#8221;{}&#8221;][et_pb_column type=&#8221;1_2&#8243; _builder_version=&#8221;4.17.4&#8243; _module_preset=&#8221;default&#8221; global_colors_info=&#8221;{}&#8221;][et_pb_image src=&#8221;https:\/\/martisalomo.com\/wp-content\/uploads\/2022\/05\/taca_1.png&#8221; title_text=&#8221;taca_1&#8243; _builder_version=&#8221;4.20.4&#8243; _module_preset=&#8221;default&#8221; transform_scale=&#8221;70%|70%&#8221; width=&#8221;65%&#8221; module_alignment=&#8221;center&#8221; animation_style=&#8221;fade&#8221; animation_delay=&#8221;200ms&#8221; global_colors_info=&#8221;{}&#8221; transform_styles__hover_enabled=&#8221;on|desktop&#8221; transform_scale__hover_enabled=&#8221;on|desktop&#8221; transform_translate__hover_enabled=&#8221;on|desktop&#8221; transform_rotate__hover_enabled=&#8221;on|desktop&#8221; transform_skew__hover_enabled=&#8221;on|desktop&#8221; transform_origin__hover_enabled=&#8221;on|desktop&#8221; transform_scale__hover=&#8221;70%|70%&#8221;][\/et_pb_image][\/et_pb_column][et_pb_column type=&#8221;1_2&#8243; _builder_version=&#8221;4.17.4&#8243; _module_preset=&#8221;default&#8221; global_colors_info=&#8221;{}&#8221;][et_pb_text _builder_version=&#8221;4.20.4&#8243; _module_preset=&#8221;default&#8221; text_font=&#8221;||on||||||&#8221; text_text_color=&#8221;#000000&#8243; text_font_size=&#8221;22px&#8221; text_line_height=&#8221;1.5em&#8221; text_orientation=&#8221;right&#8221; width=&#8221;85%&#8221; module_alignment=&#8221;right&#8221; custom_padding=&#8221;70px||||false|false&#8221; animation_style=&#8221;slide&#8221; animation_direction=&#8221;right&#8221; animation_delay=&#8221;200ms&#8221; custom_css_main_element=&#8221;align-content: flex-end;&#8221; global_colors_info=&#8221;{}&#8221;]<\/p>\n<p style=\"text-align: right;\"><span style=\"font-weight: 400;\"><span style=\"color: #e9b972;\"><strong>CR\u00cdTICA\u00a0 \u00a0<\/strong><\/span><br \/><span style=\"color: #000000;\"><a style=\"color: #000000;\" href=\"https:\/\/www.combeleditorial.com\/ca\/llibre\/escolta-les-estacions_978-84-9101-462-1\" target=\"_blank\" rel=\"noopener\">P\u00e0gina web de COMBEL &#8211;<\/a><\/span><br \/><span style=\"color: #000000;\"><a style=\"color: #000000;\" href=\"https:\/www.facebook.com\/search\/posts\/?q=%22escucha%20las%20estaciones%22\" target=\"_blank\" rel=\"noopener\">Cr\u00edtica Laura Vila &#8211;<\/a><\/span><br \/><span style=\"color: #000000;\"><a style=\"color: #000000;\" href=\"https:\/\/www.facebook.com\/Loscuentosdeltziar\/posts\/pfbid0NS392xHFz6T1ZQ872jGjT5SXvkBsBojVuN6o8hMnAh2tFw4Skog1qMchWhLmHtMpl\" target=\"_blank\" rel=\"noopener\">Los cuentos de Itziar &#8211;<\/a><\/span><br \/><\/span><\/p>\n<p>[\/et_pb_text][\/et_pb_column][\/et_pb_row][\/et_pb_section]<\/p>\n","protected":false},"excerpt":{"rendered":"<p>Escolta les estacionsUn libro con sonidos, para fascinar a los ni\u00f1os peque\u00f1os de casa. Escolta les estacions es un canto en la naturaleza y sus ciclos. Texto, ilustraci\u00f3n y sonido van de la mano para crear una atm\u00f3sfera sugerente y c\u00e1lida, tambi\u00e9n en pleno invierno. Adem\u00e1s, Escolta les estacions es una preciosidad de edici\u00f3n, elegante [&hellip;]<\/p>\n","protected":false},"author":1,"featured_media":0,"parent":0,"menu_order":0,"comment_status":"closed","ping_status":"closed","template":"","meta":{"_et_pb_use_builder":"on","_et_pb_old_content":"","_et_gb_content_width":"","footnotes":""},"class_list":["post-1763","page","type-page","status-publish","hentry"],"yoast_head":"<!-- This site is optimized with the Yoast SEO plugin v22.5 - https:\/\/yoast.com\/wordpress\/plugins\/seo\/ -->\n<title>Escolta les estacions &#8211; Mart\u00ed Salom\u00f3<\/title>\n<meta name=\"robots\" content=\"index, follow, max-snippet:-1, max-image-preview:large, max-video-preview:-1\" \/>\n<link rel=\"canonical\" href=\"https:\/\/martisalomo.com\/es\/escolta-les-estacions\/\" \/>\n<meta property=\"og:locale\" content=\"es_ES\" \/>\n<meta property=\"og:type\" content=\"article\" \/>\n<meta property=\"og:title\" content=\"Escolta les estacions &#8211; Mart\u00ed Salom\u00f3\" \/>\n<meta property=\"og:description\" content=\"Escolta les estacionsUn libro con sonidos, para fascinar a los ni\u00f1os peque\u00f1os de casa. Escolta les estacions es un canto en la naturaleza y sus ciclos. Texto, ilustraci\u00f3n y sonido van de la mano para crear una atm\u00f3sfera sugerente y c\u00e1lida, tambi\u00e9n en pleno invierno. Adem\u00e1s, Escolta les estacions es una preciosidad de edici\u00f3n, elegante [&hellip;]\" \/>\n<meta property=\"og:url\" content=\"https:\/\/martisalomo.com\/es\/escolta-les-estacions\/\" \/>\n<meta property=\"og:site_name\" content=\"Mart\u00ed Salom\u00f3\" \/>\n<meta property=\"article:publisher\" content=\"http:\/\/facebook.com\/martisalomo\" \/>\n<meta property=\"article:modified_time\" content=\"2023-04-14T20:24:50+00:00\" \/>\n<meta name=\"twitter:card\" content=\"summary_large_image\" \/>\n<meta name=\"twitter:label1\" content=\"Tiempo de lectura\" \/>\n\t<meta name=\"twitter:data1\" content=\"6 minutos\" \/>\n<script type=\"application\/ld+json\" class=\"yoast-schema-graph\">{\"@context\":\"https:\/\/schema.org\",\"@graph\":[{\"@type\":\"WebPage\",\"@id\":\"https:\/\/martisalomo.com\/es\/escolta-les-estacions\/\",\"url\":\"https:\/\/martisalomo.com\/es\/escolta-les-estacions\/\",\"name\":\"Escolta les estacions &#8211; Mart\u00ed Salom\u00f3\",\"isPartOf\":{\"@id\":\"https:\/\/martisalomo.com\/es\/#website\"},\"datePublished\":\"2022-09-21T14:28:07+00:00\",\"dateModified\":\"2023-04-14T20:24:50+00:00\",\"breadcrumb\":{\"@id\":\"https:\/\/martisalomo.com\/es\/escolta-les-estacions\/#breadcrumb\"},\"inLanguage\":\"es\",\"potentialAction\":[{\"@type\":\"ReadAction\",\"target\":[\"https:\/\/martisalomo.com\/es\/escolta-les-estacions\/\"]}]},{\"@type\":\"BreadcrumbList\",\"@id\":\"https:\/\/martisalomo.com\/es\/escolta-les-estacions\/#breadcrumb\",\"itemListElement\":[{\"@type\":\"ListItem\",\"position\":1,\"name\":\"Inici\",\"item\":\"https:\/\/martisalomo.com\/es\/\"},{\"@type\":\"ListItem\",\"position\":2,\"name\":\"Escolta les estacions\"}]},{\"@type\":\"WebSite\",\"@id\":\"https:\/\/martisalomo.com\/es\/#website\",\"url\":\"https:\/\/martisalomo.com\/es\/\",\"name\":\"Mart\u00ed Salom\u00f3\",\"description\":\"Llibres per volar\",\"publisher\":{\"@id\":\"https:\/\/martisalomo.com\/es\/#organization\"},\"potentialAction\":[{\"@type\":\"SearchAction\",\"target\":{\"@type\":\"EntryPoint\",\"urlTemplate\":\"https:\/\/martisalomo.com\/es\/?s={search_term_string}\"},\"query-input\":\"required name=search_term_string\"}],\"inLanguage\":\"es\"},{\"@type\":\"Organization\",\"@id\":\"https:\/\/martisalomo.com\/es\/#organization\",\"name\":\"Martisalom\u00f3\",\"alternateName\":\"El Tandem\",\"url\":\"https:\/\/martisalomo.com\/es\/\",\"logo\":{\"@type\":\"ImageObject\",\"inLanguage\":\"es\",\"@id\":\"https:\/\/martisalomo.com\/es\/#\/schema\/logo\/image\/\",\"url\":\"https:\/\/martisalomo.com\/wp-content\/uploads\/2022\/04\/logo_taca-petit.png\",\"contentUrl\":\"https:\/\/martisalomo.com\/wp-content\/uploads\/2022\/04\/logo_taca-petit.png\",\"width\":1600,\"height\":392,\"caption\":\"Martisalom\u00f3\"},\"image\":{\"@id\":\"https:\/\/martisalomo.com\/es\/#\/schema\/logo\/image\/\"},\"sameAs\":[\"http:\/\/facebook.com\/martisalomo\",\"http:\/\/instagram.com\/xaviersalomoillustrator\"]}]}<\/script>\n<!-- \/ Yoast SEO plugin. -->","yoast_head_json":{"title":"Escolta les estacions &#8211; Mart\u00ed Salom\u00f3","robots":{"index":"index","follow":"follow","max-snippet":"max-snippet:-1","max-image-preview":"max-image-preview:large","max-video-preview":"max-video-preview:-1"},"canonical":"https:\/\/martisalomo.com\/es\/escolta-les-estacions\/","og_locale":"es_ES","og_type":"article","og_title":"Escolta les estacions &#8211; Mart\u00ed Salom\u00f3","og_description":"Escolta les estacionsUn libro con sonidos, para fascinar a los ni\u00f1os peque\u00f1os de casa. Escolta les estacions es un canto en la naturaleza y sus ciclos. Texto, ilustraci\u00f3n y sonido van de la mano para crear una atm\u00f3sfera sugerente y c\u00e1lida, tambi\u00e9n en pleno invierno. Adem\u00e1s, Escolta les estacions es una preciosidad de edici\u00f3n, elegante [&hellip;]","og_url":"https:\/\/martisalomo.com\/es\/escolta-les-estacions\/","og_site_name":"Mart\u00ed Salom\u00f3","article_publisher":"http:\/\/facebook.com\/martisalomo","article_modified_time":"2023-04-14T20:24:50+00:00","twitter_card":"summary_large_image","twitter_misc":{"Tiempo de lectura":"6 minutos"},"schema":{"@context":"https:\/\/schema.org","@graph":[{"@type":"WebPage","@id":"https:\/\/martisalomo.com\/es\/escolta-les-estacions\/","url":"https:\/\/martisalomo.com\/es\/escolta-les-estacions\/","name":"Escolta les estacions &#8211; Mart\u00ed Salom\u00f3","isPartOf":{"@id":"https:\/\/martisalomo.com\/es\/#website"},"datePublished":"2022-09-21T14:28:07+00:00","dateModified":"2023-04-14T20:24:50+00:00","breadcrumb":{"@id":"https:\/\/martisalomo.com\/es\/escolta-les-estacions\/#breadcrumb"},"inLanguage":"es","potentialAction":[{"@type":"ReadAction","target":["https:\/\/martisalomo.com\/es\/escolta-les-estacions\/"]}]},{"@type":"BreadcrumbList","@id":"https:\/\/martisalomo.com\/es\/escolta-les-estacions\/#breadcrumb","itemListElement":[{"@type":"ListItem","position":1,"name":"Inici","item":"https:\/\/martisalomo.com\/es\/"},{"@type":"ListItem","position":2,"name":"Escolta les estacions"}]},{"@type":"WebSite","@id":"https:\/\/martisalomo.com\/es\/#website","url":"https:\/\/martisalomo.com\/es\/","name":"Mart\u00ed Salom\u00f3","description":"Llibres per volar","publisher":{"@id":"https:\/\/martisalomo.com\/es\/#organization"},"potentialAction":[{"@type":"SearchAction","target":{"@type":"EntryPoint","urlTemplate":"https:\/\/martisalomo.com\/es\/?s={search_term_string}"},"query-input":"required name=search_term_string"}],"inLanguage":"es"},{"@type":"Organization","@id":"https:\/\/martisalomo.com\/es\/#organization","name":"Martisalom\u00f3","alternateName":"El Tandem","url":"https:\/\/martisalomo.com\/es\/","logo":{"@type":"ImageObject","inLanguage":"es","@id":"https:\/\/martisalomo.com\/es\/#\/schema\/logo\/image\/","url":"https:\/\/martisalomo.com\/wp-content\/uploads\/2022\/04\/logo_taca-petit.png","contentUrl":"https:\/\/martisalomo.com\/wp-content\/uploads\/2022\/04\/logo_taca-petit.png","width":1600,"height":392,"caption":"Martisalom\u00f3"},"image":{"@id":"https:\/\/martisalomo.com\/es\/#\/schema\/logo\/image\/"},"sameAs":["http:\/\/facebook.com\/martisalomo","http:\/\/instagram.com\/xaviersalomoillustrator"]}]}},"_links":{"self":[{"href":"https:\/\/martisalomo.com\/es\/wp-json\/wp\/v2\/pages\/1763","targetHints":{"allow":["GET"]}}],"collection":[{"href":"https:\/\/martisalomo.com\/es\/wp-json\/wp\/v2\/pages"}],"about":[{"href":"https:\/\/martisalomo.com\/es\/wp-json\/wp\/v2\/types\/page"}],"author":[{"embeddable":true,"href":"https:\/\/martisalomo.com\/es\/wp-json\/wp\/v2\/users\/1"}],"replies":[{"embeddable":true,"href":"https:\/\/martisalomo.com\/es\/wp-json\/wp\/v2\/comments?post=1763"}],"version-history":[{"count":2,"href":"https:\/\/martisalomo.com\/es\/wp-json\/wp\/v2\/pages\/1763\/revisions"}],"predecessor-version":[{"id":1765,"href":"https:\/\/martisalomo.com\/es\/wp-json\/wp\/v2\/pages\/1763\/revisions\/1765"}],"wp:attachment":[{"href":"https:\/\/martisalomo.com\/es\/wp-json\/wp\/v2\/media?parent=1763"}],"curies":[{"name":"wp","href":"https:\/\/api.w.org\/{rel}","templated":true}]}}